{"id":574,"date":"2024-09-02T18:10:15","date_gmt":"2024-09-02T18:10:15","guid":{"rendered":"https:\/\/dalmamater.com\/?post_type=product&#038;p=574"},"modified":"2024-09-02T18:10:16","modified_gmt":"2024-09-02T18:10:16","slug":"queijo-de-ovelha-e-cabra-curado-com-pimentao","status":"publish","type":"product","link":"https:\/\/dalmamater.pt\/en\/product\/queijos\/queijo-de-ovelha-e-cabra-curado-com-pimentao\/","title":{"rendered":"Cured Sheep and Goat Cheese with Paprika"},"content":{"rendered":"<p>Enjoy our aged sheep\u2019s and goat\u2019s cheese, spread with paprika \u2013 a fusion of exceptional flavors. With a semi-soft texture and a pronounced aroma, it is made from fresh sheep\u2019s and goat\u2019s milk, coagulated with rennet of animal origin. It has a thin, smooth yellow crust with a low cylindrical profile. Get ready for an explosion of flavors, with the paprika perfectly complementing the taste of the cheese.<\/p>\n<p>Approximate weight: 0.900kg<\/p>\n<p>Due to the handmade nature of these products, the weight may differ slightly.<\/p>","protected":false},"excerpt":{"rendered":"<p>Experience the extraordinary flavor of our aged sheep\u2019s and goat\u2019s cheese with the addition of paprika for a perfect combination.<\/p>","protected":false},"featured_media":575,"template":"","meta":{"_eb_attr":"","_uag_custom_page_level_css":"","_monsterinsights_skip_tracking":false},"product_brand":[],"product_cat":[32],"product_tag":[33],"class_list":["post-574","product","type-product","status-publish","has-post-thumbnail","product_cat-queijos","product_tag-queijos","first","instock","shipping-taxable","product-type-simple"],"yoast_head":"<!-- This site is optimized with the Yoast SEO plugin v28.4 - https:\/\/yoast.com\/product\/yoast-seo-wordpress\/ -->\n<title>Queijo de Ovelha e Cabra Curado Com Piment\u00e3o - D&#039;Alma Mater<\/title>\n<meta name=\"robots\" content=\"index, follow, max-snippet:-1, max-image-preview:large, max-video-preview:-1\" \/>\n<link rel=\"canonical\" href=\"https:\/\/dalmamater.pt\/en\/product\/queijos\/queijo-de-ovelha-e-cabra-curado-com-pimentao\/\" \/>\n<meta property=\"og:locale\" content=\"en_GB\" \/>\n<meta property=\"og:type\" content=\"article\" \/>\n<meta property=\"og:title\" content=\"Queijo de Ovelha e Cabra Curado Com Piment\u00e3o - D&#039;Alma Mater\" \/>\n<meta property=\"og:description\" content=\"Sinta o sabor extraordin\u00e1rio do nosso queijo curado de ovelha e cabra, com a adi\u00e7\u00e3o de piment\u00e3o, para uma combina\u00e7\u00e3o perfeita.\" \/>\n<meta property=\"og:url\" content=\"https:\/\/dalmamater.pt\/en\/product\/queijos\/queijo-de-ovelha-e-cabra-curado-com-pimentao\/\" \/>\n<meta property=\"og:site_name\" content=\"D&#039;Alma Mater\" \/>\n<meta property=\"article:publisher\" content=\"https:\/\/www.facebook.com\/dalmamater.pt\" \/>\n<meta property=\"article:modified_time\" content=\"2024-09-02T18:10:16+00:00\" \/>\n<meta property=\"og:image\" content=\"https:\/\/dalmamater.pt\/wp-content\/uploads\/2024\/09\/Quejio-de-Ovelha-e-Cabra-Curado-Com-Pimentao.jpg\" \/>\n\t<meta property=\"og:image:width\" content=\"1000\" \/>\n\t<meta property=\"og:image:height\" content=\"1317\" \/>\n\t<meta property=\"og:image:type\" content=\"image\/jpeg\" \/>\n<meta name=\"twitter:card\" content=\"summary_large_image\" \/>\n<script type=\"application\/ld+json\" class=\"yoast-schema-graph\">{\"@context\":\"https:\\\/\\\/schema.org\",\"@graph\":[{\"@type\":\"WebPage\",\"@id\":\"https:\\\/\\\/dalmamater.pt\\\/product\\\/queijos\\\/queijo-de-ovelha-e-cabra-curado-com-pimentao\\\/\",\"url\":\"https:\\\/\\\/dalmamater.pt\\\/product\\\/queijos\\\/queijo-de-ovelha-e-cabra-curado-com-pimentao\\\/\",\"name\":\"Queijo de Ovelha e Cabra Curado Com Piment\u00e3o - D&#039;Alma Mater\",\"isPartOf\":{\"@id\":\"https:\\\/\\\/dalmamater.pt\\\/#website\"},\"primaryImageOfPage\":{\"@id\":\"https:\\\/\\\/dalmamater.pt\\\/product\\\/queijos\\\/queijo-de-ovelha-e-cabra-curado-com-pimentao\\\/#primaryimage\"},\"image\":{\"@id\":\"https:\\\/\\\/dalmamater.pt\\\/product\\\/queijos\\\/queijo-de-ovelha-e-cabra-curado-com-pimentao\\\/#primaryimage\"},\"thumbnailUrl\":\"https:\\\/\\\/dalmamater.pt\\\/wp-content\\\/uploads\\\/2024\\\/09\\\/Quejio-de-Ovelha-e-Cabra-Curado-Com-Pimentao.jpg\",\"datePublished\":\"2024-09-02T18:10:15+00:00\",\"dateModified\":\"2024-09-02T18:10:16+00:00\",\"breadcrumb\":{\"@id\":\"https:\\\/\\\/dalmamater.pt\\\/product\\\/queijos\\\/queijo-de-ovelha-e-cabra-curado-com-pimentao\\\/#breadcrumb\"},\"inLanguage\":\"en-GB\",\"potentialAction\":[{\"@type\":\"ReadAction\",\"target\":[\"https:\\\/\\\/dalmamater.pt\\\/product\\\/queijos\\\/queijo-de-ovelha-e-cabra-curado-com-pimentao\\\/\"]}]},{\"@type\":\"ImageObject\",\"inLanguage\":\"en-GB\",\"@id\":\"https:\\\/\\\/dalmamater.pt\\\/product\\\/queijos\\\/queijo-de-ovelha-e-cabra-curado-com-pimentao\\\/#primaryimage\",\"url\":\"https:\\\/\\\/dalmamater.pt\\\/wp-content\\\/uploads\\\/2024\\\/09\\\/Quejio-de-Ovelha-e-Cabra-Curado-Com-Pimentao.jpg\",\"contentUrl\":\"https:\\\/\\\/dalmamater.pt\\\/wp-content\\\/uploads\\\/2024\\\/09\\\/Quejio-de-Ovelha-e-Cabra-Curado-Com-Pimentao.jpg\",\"width\":1000,\"height\":1317,\"caption\":\"Quejio-de-Ovelha-e-Cabra-Curado-Com-Pimentao\"},{\"@type\":\"BreadcrumbList\",\"@id\":\"https:\\\/\\\/dalmamater.pt\\\/product\\\/queijos\\\/queijo-de-ovelha-e-cabra-curado-com-pimentao\\\/#breadcrumb\",\"itemListElement\":[{\"@type\":\"ListItem\",\"position\":1,\"name\":\"In\u00edcio\",\"item\":\"https:\\\/\\\/dalmamater.pt\\\/\"},{\"@type\":\"ListItem\",\"position\":2,\"name\":\"Produtos\",\"item\":\"https:\\\/\\\/dalmamater.pt\\\/shop\\\/\"},{\"@type\":\"ListItem\",\"position\":3,\"name\":\"Queijo de Ovelha e Cabra Curado Com Piment\u00e3o\"}]},{\"@type\":\"WebSite\",\"@id\":\"https:\\\/\\\/dalmamater.pt\\\/#website\",\"url\":\"https:\\\/\\\/dalmamater.pt\\\/\",\"name\":\"D'Alma Mater\",\"description\":\"Sabores aut\u00eanticos, da montanha\",\"publisher\":{\"@id\":\"https:\\\/\\\/dalmamater.pt\\\/#organization\"},\"potentialAction\":[{\"@type\":\"SearchAction\",\"target\":{\"@type\":\"EntryPoint\",\"urlTemplate\":\"https:\\\/\\\/dalmamater.pt\\\/?s={search_term_string}\"},\"query-input\":{\"@type\":\"PropertyValueSpecification\",\"valueRequired\":true,\"valueName\":\"search_term_string\"}}],\"inLanguage\":\"en-GB\"},{\"@type\":\"Organization\",\"@id\":\"https:\\\/\\\/dalmamater.pt\\\/#organization\",\"name\":\"D'Alma Mater\",\"url\":\"https:\\\/\\\/dalmamater.pt\\\/\",\"logo\":{\"@type\":\"ImageObject\",\"inLanguage\":\"en-GB\",\"@id\":\"https:\\\/\\\/dalmamater.pt\\\/#\\\/schema\\\/logo\\\/image\\\/\",\"url\":\"https:\\\/\\\/dalmamater.pt\\\/wp-content\\\/uploads\\\/2024\\\/08\\\/LogoHeader100.png\",\"contentUrl\":\"https:\\\/\\\/dalmamater.pt\\\/wp-content\\\/uploads\\\/2024\\\/08\\\/LogoHeader100.png\",\"width\":1811,\"height\":604,\"caption\":\"D'Alma Mater\"},\"image\":{\"@id\":\"https:\\\/\\\/dalmamater.pt\\\/#\\\/schema\\\/logo\\\/image\\\/\"},\"sameAs\":[\"https:\\\/\\\/www.facebook.com\\\/dalmamater.pt\",\"https:\\\/\\\/www.instagram.com\\\/dalmamater\\\/\"]}]}<\/script>\n<!-- \/ Yoast SEO plugin. -->","yoast_head_json":{"title":"Queijo de Ovelha e Cabra Curado Com Piment\u00e3o - D&#039;Alma Mater","robots":{"index":"index","follow":"follow","max-snippet":"max-snippet:-1","max-image-preview":"max-image-preview:large","max-video-preview":"max-video-preview:-1"},"canonical":"https:\/\/dalmamater.pt\/en\/product\/queijos\/queijo-de-ovelha-e-cabra-curado-com-pimentao\/","og_locale":"en_GB","og_type":"article","og_title":"Queijo de Ovelha e Cabra Curado Com Piment\u00e3o - D&#039;Alma Mater","og_description":"Sinta o sabor extraordin\u00e1rio do nosso queijo curado de ovelha e cabra, com a adi\u00e7\u00e3o de piment\u00e3o, para uma combina\u00e7\u00e3o perfeita.","og_url":"https:\/\/dalmamater.pt\/en\/product\/queijos\/queijo-de-ovelha-e-cabra-curado-com-pimentao\/","og_site_name":"D&#039;Alma Mater","article_publisher":"https:\/\/www.facebook.com\/dalmamater.pt","article_modified_time":"2024-09-02T18:10:16+00:00","og_image":[{"width":1000,"height":1317,"url":"https:\/\/dalmamater.pt\/wp-content\/uploads\/2024\/09\/Quejio-de-Ovelha-e-Cabra-Curado-Com-Pimentao.jpg","type":"image\/jpeg"}],"twitter_card":"summary_large_image","schema":{"@context":"https:\/\/schema.org","@graph":[{"@type":"WebPage","@id":"https:\/\/dalmamater.pt\/product\/queijos\/queijo-de-ovelha-e-cabra-curado-com-pimentao\/","url":"https:\/\/dalmamater.pt\/product\/queijos\/queijo-de-ovelha-e-cabra-curado-com-pimentao\/","name":"Queijo de Ovelha e Cabra Curado Com Piment\u00e3o - D&#039;Alma Mater","isPartOf":{"@id":"https:\/\/dalmamater.pt\/#website"},"primaryImageOfPage":{"@id":"https:\/\/dalmamater.pt\/product\/queijos\/queijo-de-ovelha-e-cabra-curado-com-pimentao\/#primaryimage"},"image":{"@id":"https:\/\/dalmamater.pt\/product\/queijos\/queijo-de-ovelha-e-cabra-curado-com-pimentao\/#primaryimage"},"thumbnailUrl":"https:\/\/dalmamater.pt\/wp-content\/uploads\/2024\/09\/Quejio-de-Ovelha-e-Cabra-Curado-Com-Pimentao.jpg","datePublished":"2024-09-02T18:10:15+00:00","dateModified":"2024-09-02T18:10:16+00:00","breadcrumb":{"@id":"https:\/\/dalmamater.pt\/product\/queijos\/queijo-de-ovelha-e-cabra-curado-com-pimentao\/#breadcrumb"},"inLanguage":"en-GB","potentialAction":[{"@type":"ReadAction","target":["https:\/\/dalmamater.pt\/product\/queijos\/queijo-de-ovelha-e-cabra-curado-com-pimentao\/"]}]},{"@type":"ImageObject","inLanguage":"en-GB","@id":"https:\/\/dalmamater.pt\/product\/queijos\/queijo-de-ovelha-e-cabra-curado-com-pimentao\/#primaryimage","url":"https:\/\/dalmamater.pt\/wp-content\/uploads\/2024\/09\/Quejio-de-Ovelha-e-Cabra-Curado-Com-Pimentao.jpg","contentUrl":"https:\/\/dalmamater.pt\/wp-content\/uploads\/2024\/09\/Quejio-de-Ovelha-e-Cabra-Curado-Com-Pimentao.jpg","width":1000,"height":1317,"caption":"Quejio-de-Ovelha-e-Cabra-Curado-Com-Pimentao"},{"@type":"BreadcrumbList","@id":"https:\/\/dalmamater.pt\/product\/queijos\/queijo-de-ovelha-e-cabra-curado-com-pimentao\/#breadcrumb","itemListElement":[{"@type":"ListItem","position":1,"name":"In\u00edcio","item":"https:\/\/dalmamater.pt\/"},{"@type":"ListItem","position":2,"name":"Produtos","item":"https:\/\/dalmamater.pt\/shop\/"},{"@type":"ListItem","position":3,"name":"Queijo de Ovelha e Cabra Curado Com Piment\u00e3o"}]},{"@type":"WebSite","@id":"https:\/\/dalmamater.pt\/#website","url":"https:\/\/dalmamater.pt\/","name":"D'Alma Mater","description":"Authentic flavours, from the mountains","publisher":{"@id":"https:\/\/dalmamater.pt\/#organization"},"potentialAction":[{"@type":"SearchAction","target":{"@type":"EntryPoint","urlTemplate":"https:\/\/dalmamater.pt\/?s={search_term_string}"},"query-input":{"@type":"PropertyValueSpecification","valueRequired":true,"valueName":"search_term_string"}}],"inLanguage":"en-GB"},{"@type":"Organization","@id":"https:\/\/dalmamater.pt\/#organization","name":"D'Alma Mater","url":"https:\/\/dalmamater.pt\/","logo":{"@type":"ImageObject","inLanguage":"en-GB","@id":"https:\/\/dalmamater.pt\/#\/schema\/logo\/image\/","url":"https:\/\/dalmamater.pt\/wp-content\/uploads\/2024\/08\/LogoHeader100.png","contentUrl":"https:\/\/dalmamater.pt\/wp-content\/uploads\/2024\/08\/LogoHeader100.png","width":1811,"height":604,"caption":"D'Alma Mater"},"image":{"@id":"https:\/\/dalmamater.pt\/#\/schema\/logo\/image\/"},"sameAs":["https:\/\/www.facebook.com\/dalmamater.pt","https:\/\/www.instagram.com\/dalmamater\/"]}]}},"uagb_featured_image_src":{"full":["https:\/\/dalmamater.pt\/wp-content\/uploads\/2024\/09\/Quejio-de-Ovelha-e-Cabra-Curado-Com-Pimentao.jpg",1000,1317,false],"thumbnail":["https:\/\/dalmamater.pt\/wp-content\/uploads\/2024\/09\/Quejio-de-Ovelha-e-Cabra-Curado-Com-Pimentao-150x150.jpg",150,150,true],"medium":["https:\/\/dalmamater.pt\/wp-content\/uploads\/2024\/09\/Quejio-de-Ovelha-e-Cabra-Curado-Com-Pimentao-228x300.jpg",228,300,true],"medium_large":["https:\/\/dalmamater.pt\/wp-content\/uploads\/2024\/09\/Quejio-de-Ovelha-e-Cabra-Curado-Com-Pimentao-768x1011.jpg",768,1011,true],"large":["https:\/\/dalmamater.pt\/wp-content\/uploads\/2024\/09\/Quejio-de-Ovelha-e-Cabra-Curado-Com-Pimentao-778x1024.jpg",778,1024,true],"1536x1536":["https:\/\/dalmamater.pt\/wp-content\/uploads\/2024\/09\/Quejio-de-Ovelha-e-Cabra-Curado-Com-Pimentao.jpg",1000,1317,false],"2048x2048":["https:\/\/dalmamater.pt\/wp-content\/uploads\/2024\/09\/Quejio-de-Ovelha-e-Cabra-Curado-Com-Pimentao.jpg",1000,1317,false],"trp-custom-language-flag":["https:\/\/dalmamater.pt\/wp-content\/uploads\/2024\/09\/Quejio-de-Ovelha-e-Cabra-Curado-Com-Pimentao-9x12.jpg",9,12,true],"woocommerce_thumbnail":["https:\/\/dalmamater.pt\/wp-content\/uploads\/2024\/09\/Quejio-de-Ovelha-e-Cabra-Curado-Com-Pimentao-300x300.jpg",300,300,true],"woocommerce_single":["https:\/\/dalmamater.pt\/wp-content\/uploads\/2024\/09\/Quejio-de-Ovelha-e-Cabra-Curado-Com-Pimentao-600x790.jpg",600,790,true],"woocommerce_gallery_thumbnail":["https:\/\/dalmamater.pt\/wp-content\/uploads\/2024\/09\/Quejio-de-Ovelha-e-Cabra-Curado-Com-Pimentao-100x100.jpg",100,100,true]},"uagb_author_info":{"display_name":"dalmama1","author_link":"https:\/\/dalmamater.pt\/en\/author\/"},"uagb_comment_info":0,"uagb_excerpt":"Sinta o sabor extraordin\u00e1rio do nosso queijo curado de ovelha e cabra, com a adi\u00e7\u00e3o de piment\u00e3o, para uma combina\u00e7\u00e3o perfeita.","_links":{"self":[{"href":"https:\/\/dalmamater.pt\/en\/wp-json\/wp\/v2\/product\/574","targetHints":{"allow":["GET"]}}],"collection":[{"href":"https:\/\/dalmamater.pt\/en\/wp-json\/wp\/v2\/product"}],"about":[{"href":"https:\/\/dalmamater.pt\/en\/wp-json\/wp\/v2\/types\/product"}],"wp:featuredmedia":[{"embeddable":true,"href":"https:\/\/dalmamater.pt\/en\/wp-json\/wp\/v2\/media\/575"}],"wp:attachment":[{"href":"https:\/\/dalmamater.pt\/en\/wp-json\/wp\/v2\/media?parent=574"}],"wp:term":[{"taxonomy":"product_brand","embeddable":true,"href":"https:\/\/dalmamater.pt\/en\/wp-json\/wp\/v2\/product_brand?post=574"},{"taxonomy":"product_cat","embeddable":true,"href":"https:\/\/dalmamater.pt\/en\/wp-json\/wp\/v2\/product_cat?post=574"},{"taxonomy":"product_tag","embeddable":true,"href":"https:\/\/dalmamater.pt\/en\/wp-json\/wp\/v2\/product_tag?post=574"}],"curies":[{"name":"wp","href":"https:\/\/api.w.org\/{rel}","templated":true}]}}